{"id":149,"date":"2017-05-16T20:51:34","date_gmt":"2017-05-16T20:51:34","guid":{"rendered":"http:\/\/themes.getmotopress.com\/oceanica\/?post_type=mphb_room_type&#038;p=149"},"modified":"2023-02-21T10:45:42","modified_gmt":"2023-02-21T09:45:42","slug":"chambre-double-espace","status":"publish","type":"mphb_room_type","link":"https:\/\/www.maisonboulvern.com\/index.php\/fr\/accommodation\/chambre-double-espace\/","title":{"rendered":"N\u00ba2, le grand large"},"content":{"rendered":"<p>La chambre n\u00ba2 est une chambre double spacieuse. Orient\u00e9e plein Nord, elle est un oasis de calme et de tranquillit\u00e9. La chambre offre une belle vue sur le jardin et les d\u00e9pendances. Une chambre id\u00e9ale pour dormir et se retirer. En raison de la taille de la chambre, un lit b\u00e9b\u00e9 peut y \u00eatre install\u00e9 (sur demande).<\/p>\n<div id='gallery-1' class='gallery galleryid-149 gallery-columns-2 gallery-size-thumbnail'><figure class='gallery-item'>\n\t\t\t<div class='gallery-icon landscape'>\n\t\t\t\t<a href='https:\/\/www.maisonboulvern.com\/index.php\/fr\/accommodation\/chambre-double-espace\/chambre2_entree_1065x1065\/'><img loading=\"lazy\" decoding=\"async\" width=\"150\" height=\"150\" src=\"https:\/\/www.maisonboulvern.com\/wp-content\/uploads\/2018\/07\/Chambre2_Entr\u00e9e_1065x1065-150x150.jpg\" class=\"attachment-thumbnail size-thumbnail\" alt=\"\" srcset=\"https:\/\/www.maisonboulvern.com\/wp-content\/uploads\/2018\/07\/Chambre2_Entr\u00e9e_1065x1065-150x150.jpg 150w, https:\/\/www.maisonboulvern.com\/wp-content\/uploads\/2018\/07\/Chambre2_Entr\u00e9e_1065x1065-300x300.jpg 300w, https:\/\/www.maisonboulvern.com\/wp-content\/uploads\/2018\/07\/Chambre2_Entr\u00e9e_1065x1065-768x768.jpg 768w, https:\/\/www.maisonboulvern.com\/wp-content\/uploads\/2018\/07\/Chambre2_Entr\u00e9e_1065x1065-1024x1024.jpg 1024w, https:\/\/www.maisonboulvern.com\/wp-content\/uploads\/2018\/07\/Chambre2_Entr\u00e9e_1065x1065-560x560.jpg 560w, https:\/\/www.maisonboulvern.com\/wp-content\/uploads\/2018\/07\/Chambre2_Entr\u00e9e_1065x1065.jpg 1065w\" sizes=\"auto, (max-width: 150px) 100vw, 150px\" \/><\/a>\n\t\t\t<\/div><\/figure><figure class='gallery-item'>\n\t\t\t<div class='gallery-icon landscape'>\n\t\t\t\t<a href='https:\/\/www.maisonboulvern.com\/index.php\/fr\/accommodation\/chambre-double-espace\/chambre2_bureau_1065x1065\/'><img loading=\"lazy\" decoding=\"async\" width=\"150\" height=\"150\" src=\"https:\/\/www.maisonboulvern.com\/wp-content\/uploads\/2018\/07\/Chambre2_Bureau_1065x1065-150x150.jpg\" class=\"attachment-thumbnail size-thumbnail\" alt=\"\" srcset=\"https:\/\/www.maisonboulvern.com\/wp-content\/uploads\/2018\/07\/Chambre2_Bureau_1065x1065-150x150.jpg 150w, https:\/\/www.maisonboulvern.com\/wp-content\/uploads\/2018\/07\/Chambre2_Bureau_1065x1065-300x300.jpg 300w, https:\/\/www.maisonboulvern.com\/wp-content\/uploads\/2018\/07\/Chambre2_Bureau_1065x1065-768x768.jpg 768w, https:\/\/www.maisonboulvern.com\/wp-content\/uploads\/2018\/07\/Chambre2_Bureau_1065x1065-1024x1024.jpg 1024w, https:\/\/www.maisonboulvern.com\/wp-content\/uploads\/2018\/07\/Chambre2_Bureau_1065x1065-560x560.jpg 560w, https:\/\/www.maisonboulvern.com\/wp-content\/uploads\/2018\/07\/Chambre2_Bureau_1065x1065.jpg 1065w\" sizes=\"auto, (max-width: 150px) 100vw, 150px\" \/><\/a>\n\t\t\t<\/div><\/figure><figure class='gallery-item'>\n\t\t\t<div class='gallery-icon landscape'>\n\t\t\t\t<a href='https:\/\/www.maisonboulvern.com\/index.php\/fr\/accommodation\/chambre-double-espace\/chambre2_rangement_1065x1065\/'><img loading=\"lazy\" decoding=\"async\" width=\"150\" height=\"150\" src=\"https:\/\/www.maisonboulvern.com\/wp-content\/uploads\/2018\/07\/Chambre2_rangement_1065x1065-150x150.jpg\" class=\"attachment-thumbnail size-thumbnail\" alt=\"\" srcset=\"https:\/\/www.maisonboulvern.com\/wp-content\/uploads\/2018\/07\/Chambre2_rangement_1065x1065-150x150.jpg 150w, https:\/\/www.maisonboulvern.com\/wp-content\/uploads\/2018\/07\/Chambre2_rangement_1065x1065-300x300.jpg 300w, https:\/\/www.maisonboulvern.com\/wp-content\/uploads\/2018\/07\/Chambre2_rangement_1065x1065-768x768.jpg 768w, https:\/\/www.maisonboulvern.com\/wp-content\/uploads\/2018\/07\/Chambre2_rangement_1065x1065-1024x1024.jpg 1024w, https:\/\/www.maisonboulvern.com\/wp-content\/uploads\/2018\/07\/Chambre2_rangement_1065x1065-560x560.jpg 560w, https:\/\/www.maisonboulvern.com\/wp-content\/uploads\/2018\/07\/Chambre2_rangement_1065x1065.jpg 1065w\" sizes=\"auto, (max-width: 150px) 100vw, 150px\" \/><\/a>\n\t\t\t<\/div><\/figure><figure class='gallery-item'>\n\t\t\t<div class='gallery-icon landscape'>\n\t\t\t\t<a href='https:\/\/www.maisonboulvern.com\/index.php\/fr\/accommodation\/chambre-double-espace\/chambre2_salledeau_1065x1065\/'><img loading=\"lazy\" decoding=\"async\" width=\"150\" height=\"150\" src=\"https:\/\/www.maisonboulvern.com\/wp-content\/uploads\/2018\/07\/Chambre2_Salledeau_1065x1065-150x150.jpg\" class=\"attachment-thumbnail size-thumbnail\" alt=\"\" srcset=\"https:\/\/www.maisonboulvern.com\/wp-content\/uploads\/2018\/07\/Chambre2_Salledeau_1065x1065-150x150.jpg 150w, https:\/\/www.maisonboulvern.com\/wp-content\/uploads\/2018\/07\/Chambre2_Salledeau_1065x1065-300x300.jpg 300w, https:\/\/www.maisonboulvern.com\/wp-content\/uploads\/2018\/07\/Chambre2_Salledeau_1065x1065-768x768.jpg 768w, https:\/\/www.maisonboulvern.com\/wp-content\/uploads\/2018\/07\/Chambre2_Salledeau_1065x1065-1024x1024.jpg 1024w, https:\/\/www.maisonboulvern.com\/wp-content\/uploads\/2018\/07\/Chambre2_Salledeau_1065x1065-560x560.jpg 560w, https:\/\/www.maisonboulvern.com\/wp-content\/uploads\/2018\/07\/Chambre2_Salledeau_1065x1065.jpg 1065w\" sizes=\"auto, (max-width: 150px) 100vw, 150px\" \/><\/a>\n\t\t\t<\/div><\/figure>\n\t\t<\/div>\n\n","protected":false},"excerpt":{"rendered":"<p>Une chambre parfaite pour les amoureux de grands espaces<\/p>\n","protected":false},"featured_media":461,"menu_order":0,"comment_status":"open","ping_status":"closed","template":"","mphb_room_type_category":[47],"mphb_room_type_tag":[29],"mphb_room_type_facility":[55,51],"class_list":["post-149","mphb_room_type","type-mphb_room_type","status-publish","has-post-thumbnail","hentry","mphb_room_type_category-double-fr","mphb_room_type_tag-double-spacieuse","mphb_room_type_facility-wifi-gratuit-fr","mphb_room_type_facility-seche-cheveux-fr","mphb-room-type-adults-2","mphb-room-type-children-0","has-taxes-and-fees"],"yoast_head":"<!-- This site is optimized with the Yoast SEO plugin v27.5 - https:\/\/yoast.com\/product\/yoast-seo-wordpress\/ -->\n<title>N\u00ba2, le grand large - Maison Boulvern<\/title>\n<meta name=\"robots\" content=\"index, follow, max-snippet:-1, max-image-preview:large, max-video-preview:-1\" \/>\n<link rel=\"canonical\" href=\"https:\/\/www.maisonboulvern.com\/index.php\/fr\/accommodation\/chambre-double-espace\/\" \/>\n<meta property=\"og:locale\" content=\"fr_FR\" \/>\n<meta property=\"og:type\" content=\"article\" \/>\n<meta property=\"og:title\" content=\"N\u00ba2, le grand large - Maison Boulvern\" \/>\n<meta property=\"og:description\" content=\"Une chambre parfaite pour les amoureux de grands espaces\" \/>\n<meta property=\"og:url\" content=\"https:\/\/www.maisonboulvern.com\/index.php\/fr\/accommodation\/chambre-double-espace\/\" \/>\n<meta property=\"og:site_name\" content=\"Maison Boulvern\" \/>\n<meta property=\"article:modified_time\" content=\"2023-02-21T09:45:42+00:00\" \/>\n<meta property=\"og:image\" content=\"https:\/\/i0.wp.com\/www.maisonboulvern.com\/wp-content\/uploads\/2018\/07\/Chambre2_2000x1065.jpg?fit=2000%2C1065&ssl=1\" \/>\n\t<meta property=\"og:image:width\" content=\"2000\" \/>\n\t<meta property=\"og:image:height\" content=\"1065\" \/>\n\t<meta property=\"og:image:type\" content=\"image\/jpeg\" \/>\n<meta name=\"twitter:card\" content=\"summary_large_image\" \/>\n<meta name=\"twitter:label1\" content=\"Dur\u00e9e de lecture estim\u00e9e\" \/>\n\t<meta name=\"twitter:data1\" content=\"1 minute\" \/>\n<script type=\"application\/ld+json\" class=\"yoast-schema-graph\">{\"@context\":\"https:\\\/\\\/schema.org\",\"@graph\":[{\"@type\":\"WebPage\",\"@id\":\"https:\\\/\\\/www.maisonboulvern.com\\\/index.php\\\/fr\\\/accommodation\\\/chambre-double-espace\\\/\",\"url\":\"https:\\\/\\\/www.maisonboulvern.com\\\/index.php\\\/fr\\\/accommodation\\\/chambre-double-espace\\\/\",\"name\":\"N\u00ba2, le grand large - Maison Boulvern\",\"isPartOf\":{\"@id\":\"https:\\\/\\\/www.maisonboulvern.com\\\/#website\"},\"primaryImageOfPage\":{\"@id\":\"https:\\\/\\\/www.maisonboulvern.com\\\/index.php\\\/fr\\\/accommodation\\\/chambre-double-espace\\\/#primaryimage\"},\"image\":{\"@id\":\"https:\\\/\\\/www.maisonboulvern.com\\\/index.php\\\/fr\\\/accommodation\\\/chambre-double-espace\\\/#primaryimage\"},\"thumbnailUrl\":\"https:\\\/\\\/www.maisonboulvern.com\\\/wp-content\\\/uploads\\\/2018\\\/07\\\/Chambre2_2000x1065.jpg\",\"datePublished\":\"2017-05-16T20:51:34+00:00\",\"dateModified\":\"2023-02-21T09:45:42+00:00\",\"breadcrumb\":{\"@id\":\"https:\\\/\\\/www.maisonboulvern.com\\\/index.php\\\/fr\\\/accommodation\\\/chambre-double-espace\\\/#breadcrumb\"},\"inLanguage\":\"fr-FR\",\"potentialAction\":[{\"@type\":\"ReadAction\",\"target\":[\"https:\\\/\\\/www.maisonboulvern.com\\\/index.php\\\/fr\\\/accommodation\\\/chambre-double-espace\\\/\"]}]},{\"@type\":\"ImageObject\",\"inLanguage\":\"fr-FR\",\"@id\":\"https:\\\/\\\/www.maisonboulvern.com\\\/index.php\\\/fr\\\/accommodation\\\/chambre-double-espace\\\/#primaryimage\",\"url\":\"https:\\\/\\\/www.maisonboulvern.com\\\/wp-content\\\/uploads\\\/2018\\\/07\\\/Chambre2_2000x1065.jpg\",\"contentUrl\":\"https:\\\/\\\/www.maisonboulvern.com\\\/wp-content\\\/uploads\\\/2018\\\/07\\\/Chambre2_2000x1065.jpg\",\"width\":2000,\"height\":1065},{\"@type\":\"BreadcrumbList\",\"@id\":\"https:\\\/\\\/www.maisonboulvern.com\\\/index.php\\\/fr\\\/accommodation\\\/chambre-double-espace\\\/#breadcrumb\",\"itemListElement\":[{\"@type\":\"ListItem\",\"position\":1,\"name\":\"Accueil\",\"item\":\"https:\\\/\\\/www.maisonboulvern.com\\\/index.php\\\/fr\\\/\"},{\"@type\":\"ListItem\",\"position\":2,\"name\":\"Types de logement\",\"item\":\"https:\\\/\\\/www.maisonboulvern.com\\\/index.php\\\/fr\\\/accommodation\\\/\"},{\"@type\":\"ListItem\",\"position\":3,\"name\":\"N\u00ba2, le grand large\"}]},{\"@type\":\"WebSite\",\"@id\":\"https:\\\/\\\/www.maisonboulvern.com\\\/#website\",\"url\":\"https:\\\/\\\/www.maisonboulvern.com\\\/\",\"name\":\"Maison Boulvern\",\"description\":\"Chambres d&#039;h\u00f4tes de charme au c\u0153ur du Finist\u00e8re\",\"publisher\":{\"@id\":\"https:\\\/\\\/www.maisonboulvern.com\\\/#organization\"},\"potentialAction\":[{\"@type\":\"SearchAction\",\"target\":{\"@type\":\"EntryPoint\",\"urlTemplate\":\"https:\\\/\\\/www.maisonboulvern.com\\\/?s={search_term_string}\"},\"query-input\":{\"@type\":\"PropertyValueSpecification\",\"valueRequired\":true,\"valueName\":\"search_term_string\"}}],\"inLanguage\":\"fr-FR\"},{\"@type\":\"Organization\",\"@id\":\"https:\\\/\\\/www.maisonboulvern.com\\\/#organization\",\"name\":\"Maison Boulvern\",\"url\":\"https:\\\/\\\/www.maisonboulvern.com\\\/\",\"logo\":{\"@type\":\"ImageObject\",\"inLanguage\":\"fr-FR\",\"@id\":\"https:\\\/\\\/www.maisonboulvern.com\\\/#\\\/schema\\\/logo\\\/image\\\/\",\"url\":\"https:\\\/\\\/www.maisonboulvern.com\\\/wp-content\\\/uploads\\\/2020\\\/06\\\/Icone_512x512.jpg\",\"contentUrl\":\"https:\\\/\\\/www.maisonboulvern.com\\\/wp-content\\\/uploads\\\/2020\\\/06\\\/Icone_512x512.jpg\",\"width\":2135,\"height\":2135,\"caption\":\"Maison Boulvern\"},\"image\":{\"@id\":\"https:\\\/\\\/www.maisonboulvern.com\\\/#\\\/schema\\\/logo\\\/image\\\/\"}}]}<\/script>\n<!-- \/ Yoast SEO plugin. -->","yoast_head_json":{"title":"N\u00ba2, le grand large - Maison Boulvern","robots":{"index":"index","follow":"follow","max-snippet":"max-snippet:-1","max-image-preview":"max-image-preview:large","max-video-preview":"max-video-preview:-1"},"canonical":"https:\/\/www.maisonboulvern.com\/index.php\/fr\/accommodation\/chambre-double-espace\/","og_locale":"fr_FR","og_type":"article","og_title":"N\u00ba2, le grand large - Maison Boulvern","og_description":"Une chambre parfaite pour les amoureux de grands espaces","og_url":"https:\/\/www.maisonboulvern.com\/index.php\/fr\/accommodation\/chambre-double-espace\/","og_site_name":"Maison Boulvern","article_modified_time":"2023-02-21T09:45:42+00:00","og_image":[{"width":2000,"height":1065,"url":"https:\/\/i0.wp.com\/www.maisonboulvern.com\/wp-content\/uploads\/2018\/07\/Chambre2_2000x1065.jpg?fit=2000%2C1065&ssl=1","type":"image\/jpeg"}],"twitter_card":"summary_large_image","twitter_misc":{"Dur\u00e9e de lecture estim\u00e9e":"1 minute"},"schema":{"@context":"https:\/\/schema.org","@graph":[{"@type":"WebPage","@id":"https:\/\/www.maisonboulvern.com\/index.php\/fr\/accommodation\/chambre-double-espace\/","url":"https:\/\/www.maisonboulvern.com\/index.php\/fr\/accommodation\/chambre-double-espace\/","name":"N\u00ba2, le grand large - Maison Boulvern","isPartOf":{"@id":"https:\/\/www.maisonboulvern.com\/#website"},"primaryImageOfPage":{"@id":"https:\/\/www.maisonboulvern.com\/index.php\/fr\/accommodation\/chambre-double-espace\/#primaryimage"},"image":{"@id":"https:\/\/www.maisonboulvern.com\/index.php\/fr\/accommodation\/chambre-double-espace\/#primaryimage"},"thumbnailUrl":"https:\/\/www.maisonboulvern.com\/wp-content\/uploads\/2018\/07\/Chambre2_2000x1065.jpg","datePublished":"2017-05-16T20:51:34+00:00","dateModified":"2023-02-21T09:45:42+00:00","breadcrumb":{"@id":"https:\/\/www.maisonboulvern.com\/index.php\/fr\/accommodation\/chambre-double-espace\/#breadcrumb"},"inLanguage":"fr-FR","potentialAction":[{"@type":"ReadAction","target":["https:\/\/www.maisonboulvern.com\/index.php\/fr\/accommodation\/chambre-double-espace\/"]}]},{"@type":"ImageObject","inLanguage":"fr-FR","@id":"https:\/\/www.maisonboulvern.com\/index.php\/fr\/accommodation\/chambre-double-espace\/#primaryimage","url":"https:\/\/www.maisonboulvern.com\/wp-content\/uploads\/2018\/07\/Chambre2_2000x1065.jpg","contentUrl":"https:\/\/www.maisonboulvern.com\/wp-content\/uploads\/2018\/07\/Chambre2_2000x1065.jpg","width":2000,"height":1065},{"@type":"BreadcrumbList","@id":"https:\/\/www.maisonboulvern.com\/index.php\/fr\/accommodation\/chambre-double-espace\/#breadcrumb","itemListElement":[{"@type":"ListItem","position":1,"name":"Accueil","item":"https:\/\/www.maisonboulvern.com\/index.php\/fr\/"},{"@type":"ListItem","position":2,"name":"Types de logement","item":"https:\/\/www.maisonboulvern.com\/index.php\/fr\/accommodation\/"},{"@type":"ListItem","position":3,"name":"N\u00ba2, le grand large"}]},{"@type":"WebSite","@id":"https:\/\/www.maisonboulvern.com\/#website","url":"https:\/\/www.maisonboulvern.com\/","name":"Maison Boulvern","description":"Chambres d&#039;h\u00f4tes de charme au c\u0153ur du Finist\u00e8re","publisher":{"@id":"https:\/\/www.maisonboulvern.com\/#organization"},"potentialAction":[{"@type":"SearchAction","target":{"@type":"EntryPoint","urlTemplate":"https:\/\/www.maisonboulvern.com\/?s={search_term_string}"},"query-input":{"@type":"PropertyValueSpecification","valueRequired":true,"valueName":"search_term_string"}}],"inLanguage":"fr-FR"},{"@type":"Organization","@id":"https:\/\/www.maisonboulvern.com\/#organization","name":"Maison Boulvern","url":"https:\/\/www.maisonboulvern.com\/","logo":{"@type":"ImageObject","inLanguage":"fr-FR","@id":"https:\/\/www.maisonboulvern.com\/#\/schema\/logo\/image\/","url":"https:\/\/www.maisonboulvern.com\/wp-content\/uploads\/2020\/06\/Icone_512x512.jpg","contentUrl":"https:\/\/www.maisonboulvern.com\/wp-content\/uploads\/2020\/06\/Icone_512x512.jpg","width":2135,"height":2135,"caption":"Maison Boulvern"},"image":{"@id":"https:\/\/www.maisonboulvern.com\/#\/schema\/logo\/image\/"}}]}},"_links":{"self":[{"href":"https:\/\/www.maisonboulvern.com\/index.php\/wp-json\/wp\/v2\/mphb_room_type\/149","targetHints":{"allow":["GET"]}}],"collection":[{"href":"https:\/\/www.maisonboulvern.com\/index.php\/wp-json\/wp\/v2\/mphb_room_type"}],"about":[{"href":"https:\/\/www.maisonboulvern.com\/index.php\/wp-json\/wp\/v2\/types\/mphb_room_type"}],"replies":[{"embeddable":true,"href":"https:\/\/www.maisonboulvern.com\/index.php\/wp-json\/wp\/v2\/comments?post=149"}],"wp:featuredmedia":[{"embeddable":true,"href":"https:\/\/www.maisonboulvern.com\/index.php\/wp-json\/wp\/v2\/media\/461"}],"wp:attachment":[{"href":"https:\/\/www.maisonboulvern.com\/index.php\/wp-json\/wp\/v2\/media?parent=149"}],"wp:term":[{"taxonomy":"mphb_room_type_category","embeddable":true,"href":"https:\/\/www.maisonboulvern.com\/index.php\/wp-json\/wp\/v2\/mphb_room_type_category?post=149"},{"taxonomy":"mphb_room_type_tag","embeddable":true,"href":"https:\/\/www.maisonboulvern.com\/index.php\/wp-json\/wp\/v2\/mphb_room_type_tag?post=149"},{"taxonomy":"mphb_room_type_facility","embeddable":true,"href":"https:\/\/www.maisonboulvern.com\/index.php\/wp-json\/wp\/v2\/mphb_room_type_facility?post=149"}],"curies":[{"name":"wp","href":"https:\/\/api.w.org\/{rel}","templated":true}]}}