{"id":880,"date":"2017-05-16T20:51:34","date_gmt":"2017-05-16T20:51:34","guid":{"rendered":"http:\/\/maisonboulvern.com\/?post_type=mphb_room_type&#038;p=880"},"modified":"2020-06-02T12:41:19","modified_gmt":"2020-06-02T10:41:19","slug":"kamer-2","status":"publish","type":"mphb_room_type","link":"https:\/\/www.maisonboulvern.com\/index.php\/nl\/accommodation\/kamer-2\/","title":{"rendered":"N\u00ba2, open zee"},"content":{"rendered":"<p>Dit is een ruime tweepersoonskamer. Gelegen op het noordoosten en daardoor rustig en stil. De kamer biedt een fijn uitzicht over de tuin en de bijgebouwen. Een ideale kamer om te tot rust te komen en om je terug te trekken. Vanwege de grootte van de kamer kan er een babybedje worden bijgeplaatst.<\/p>\n<div id='gallery-1' class='gallery galleryid-880 gallery-columns-2 gallery-size-thumbnail'><figure class='gallery-item'>\n\t\t\t<div class='gallery-icon landscape'>\n\t\t\t\t<a href='https:\/\/www.maisonboulvern.com\/index.php\/fr\/accommodation\/chambre-double-espace\/chambre2_entree_1065x1065\/'><img loading=\"lazy\" decoding=\"async\" width=\"150\" height=\"150\" src=\"https:\/\/www.maisonboulvern.com\/wp-content\/uploads\/2018\/07\/Chambre2_Entr\u00e9e_1065x1065-150x150.jpg\" class=\"attachment-thumbnail size-thumbnail\" alt=\"\" srcset=\"https:\/\/www.maisonboulvern.com\/wp-content\/uploads\/2018\/07\/Chambre2_Entr\u00e9e_1065x1065-150x150.jpg 150w, https:\/\/www.maisonboulvern.com\/wp-content\/uploads\/2018\/07\/Chambre2_Entr\u00e9e_1065x1065-300x300.jpg 300w, https:\/\/www.maisonboulvern.com\/wp-content\/uploads\/2018\/07\/Chambre2_Entr\u00e9e_1065x1065-768x768.jpg 768w, https:\/\/www.maisonboulvern.com\/wp-content\/uploads\/2018\/07\/Chambre2_Entr\u00e9e_1065x1065-1024x1024.jpg 1024w, https:\/\/www.maisonboulvern.com\/wp-content\/uploads\/2018\/07\/Chambre2_Entr\u00e9e_1065x1065-560x560.jpg 560w, https:\/\/www.maisonboulvern.com\/wp-content\/uploads\/2018\/07\/Chambre2_Entr\u00e9e_1065x1065.jpg 1065w\" sizes=\"auto, (max-width: 150px) 100vw, 150px\" \/><\/a>\n\t\t\t<\/div><\/figure><figure class='gallery-item'>\n\t\t\t<div class='gallery-icon landscape'>\n\t\t\t\t<a href='https:\/\/www.maisonboulvern.com\/index.php\/fr\/accommodation\/chambre-double-espace\/chambre2_bureau_1065x1065\/'><img loading=\"lazy\" decoding=\"async\" width=\"150\" height=\"150\" src=\"https:\/\/www.maisonboulvern.com\/wp-content\/uploads\/2018\/07\/Chambre2_Bureau_1065x1065-150x150.jpg\" class=\"attachment-thumbnail size-thumbnail\" alt=\"\" srcset=\"https:\/\/www.maisonboulvern.com\/wp-content\/uploads\/2018\/07\/Chambre2_Bureau_1065x1065-150x150.jpg 150w, https:\/\/www.maisonboulvern.com\/wp-content\/uploads\/2018\/07\/Chambre2_Bureau_1065x1065-300x300.jpg 300w, https:\/\/www.maisonboulvern.com\/wp-content\/uploads\/2018\/07\/Chambre2_Bureau_1065x1065-768x768.jpg 768w, https:\/\/www.maisonboulvern.com\/wp-content\/uploads\/2018\/07\/Chambre2_Bureau_1065x1065-1024x1024.jpg 1024w, https:\/\/www.maisonboulvern.com\/wp-content\/uploads\/2018\/07\/Chambre2_Bureau_1065x1065-560x560.jpg 560w, https:\/\/www.maisonboulvern.com\/wp-content\/uploads\/2018\/07\/Chambre2_Bureau_1065x1065.jpg 1065w\" sizes=\"auto, (max-width: 150px) 100vw, 150px\" \/><\/a>\n\t\t\t<\/div><\/figure><figure class='gallery-item'>\n\t\t\t<div class='gallery-icon landscape'>\n\t\t\t\t<a href='https:\/\/www.maisonboulvern.com\/index.php\/fr\/accommodation\/chambre-double-espace\/chambre2_rangement_1065x1065\/'><img loading=\"lazy\" decoding=\"async\" width=\"150\" height=\"150\" src=\"https:\/\/www.maisonboulvern.com\/wp-content\/uploads\/2018\/07\/Chambre2_rangement_1065x1065-150x150.jpg\" class=\"attachment-thumbnail size-thumbnail\" alt=\"\" srcset=\"https:\/\/www.maisonboulvern.com\/wp-content\/uploads\/2018\/07\/Chambre2_rangement_1065x1065-150x150.jpg 150w, https:\/\/www.maisonboulvern.com\/wp-content\/uploads\/2018\/07\/Chambre2_rangement_1065x1065-300x300.jpg 300w, https:\/\/www.maisonboulvern.com\/wp-content\/uploads\/2018\/07\/Chambre2_rangement_1065x1065-768x768.jpg 768w, https:\/\/www.maisonboulvern.com\/wp-content\/uploads\/2018\/07\/Chambre2_rangement_1065x1065-1024x1024.jpg 1024w, https:\/\/www.maisonboulvern.com\/wp-content\/uploads\/2018\/07\/Chambre2_rangement_1065x1065-560x560.jpg 560w, https:\/\/www.maisonboulvern.com\/wp-content\/uploads\/2018\/07\/Chambre2_rangement_1065x1065.jpg 1065w\" sizes=\"auto, (max-width: 150px) 100vw, 150px\" \/><\/a>\n\t\t\t<\/div><\/figure><figure class='gallery-item'>\n\t\t\t<div class='gallery-icon landscape'>\n\t\t\t\t<a href='https:\/\/www.maisonboulvern.com\/index.php\/fr\/accommodation\/chambre-double-espace\/chambre2_salledeau_1065x1065\/'><img loading=\"lazy\" decoding=\"async\" width=\"150\" height=\"150\" src=\"https:\/\/www.maisonboulvern.com\/wp-content\/uploads\/2018\/07\/Chambre2_Salledeau_1065x1065-150x150.jpg\" class=\"attachment-thumbnail size-thumbnail\" alt=\"\" srcset=\"https:\/\/www.maisonboulvern.com\/wp-content\/uploads\/2018\/07\/Chambre2_Salledeau_1065x1065-150x150.jpg 150w, https:\/\/www.maisonboulvern.com\/wp-content\/uploads\/2018\/07\/Chambre2_Salledeau_1065x1065-300x300.jpg 300w, https:\/\/www.maisonboulvern.com\/wp-content\/uploads\/2018\/07\/Chambre2_Salledeau_1065x1065-768x768.jpg 768w, https:\/\/www.maisonboulvern.com\/wp-content\/uploads\/2018\/07\/Chambre2_Salledeau_1065x1065-1024x1024.jpg 1024w, https:\/\/www.maisonboulvern.com\/wp-content\/uploads\/2018\/07\/Chambre2_Salledeau_1065x1065-560x560.jpg 560w, https:\/\/www.maisonboulvern.com\/wp-content\/uploads\/2018\/07\/Chambre2_Salledeau_1065x1065.jpg 1065w\" sizes=\"auto, (max-width: 150px) 100vw, 150px\" \/><\/a>\n\t\t\t<\/div><\/figure>\n\t\t<\/div>\n\n","protected":false},"excerpt":{"rendered":"<p>De perfecte kamer voor wie van rust en ruimte houdt<\/p>\n","protected":false},"featured_media":461,"menu_order":0,"comment_status":"open","ping_status":"closed","template":"","mphb_room_type_category":[134],"mphb_room_type_tag":[],"mphb_room_type_facility":[109,115],"class_list":["post-880","mphb_room_type","type-mphb_room_type","status-publish","has-post-thumbnail","hentry","mphb_room_type_category-tweepersoons","mphb_room_type_facility-fohn","mphb_room_type_facility-gratis-wifi","mphb-room-type-adults-2","mphb-room-type-children-0","has-taxes-and-fees"],"yoast_head":"<!-- This site is optimized with the Yoast SEO plugin v27.5 - https:\/\/yoast.com\/product\/yoast-seo-wordpress\/ -->\n<title>N\u00ba2, open zee - Maison Boulvern<\/title>\n<meta name=\"robots\" content=\"index, follow, max-snippet:-1, max-image-preview:large, max-video-preview:-1\" \/>\n<link rel=\"canonical\" href=\"https:\/\/www.maisonboulvern.com\/index.php\/nl\/accommodation\/kamer-2\/\" \/>\n<meta property=\"og:locale\" content=\"fr_FR\" \/>\n<meta property=\"og:type\" content=\"article\" \/>\n<meta property=\"og:title\" content=\"N\u00ba2, open zee - Maison Boulvern\" \/>\n<meta property=\"og:description\" content=\"De perfecte kamer voor wie van rust en ruimte houdt\" \/>\n<meta property=\"og:url\" content=\"https:\/\/www.maisonboulvern.com\/index.php\/nl\/accommodation\/kamer-2\/\" \/>\n<meta property=\"og:site_name\" content=\"Maison Boulvern\" \/>\n<meta property=\"article:modified_time\" content=\"2020-06-02T10:41:19+00:00\" \/>\n<meta property=\"og:image\" content=\"https:\/\/i0.wp.com\/www.maisonboulvern.com\/wp-content\/uploads\/2018\/07\/Chambre2_2000x1065.jpg?fit=2000%2C1065&ssl=1\" \/>\n\t<meta property=\"og:image:width\" content=\"2000\" \/>\n\t<meta property=\"og:image:height\" content=\"1065\" \/>\n\t<meta property=\"og:image:type\" content=\"image\/jpeg\" \/>\n<meta name=\"twitter:card\" content=\"summary_large_image\" \/>\n<script type=\"application\/ld+json\" class=\"yoast-schema-graph\">{\"@context\":\"https:\\\/\\\/schema.org\",\"@graph\":[{\"@type\":\"WebPage\",\"@id\":\"https:\\\/\\\/www.maisonboulvern.com\\\/index.php\\\/nl\\\/accommodation\\\/kamer-2\\\/\",\"url\":\"https:\\\/\\\/www.maisonboulvern.com\\\/index.php\\\/nl\\\/accommodation\\\/kamer-2\\\/\",\"name\":\"N\u00ba2, open zee - Maison Boulvern\",\"isPartOf\":{\"@id\":\"https:\\\/\\\/www.maisonboulvern.com\\\/#website\"},\"primaryImageOfPage\":{\"@id\":\"https:\\\/\\\/www.maisonboulvern.com\\\/index.php\\\/nl\\\/accommodation\\\/kamer-2\\\/#primaryimage\"},\"image\":{\"@id\":\"https:\\\/\\\/www.maisonboulvern.com\\\/index.php\\\/nl\\\/accommodation\\\/kamer-2\\\/#primaryimage\"},\"thumbnailUrl\":\"https:\\\/\\\/www.maisonboulvern.com\\\/wp-content\\\/uploads\\\/2018\\\/07\\\/Chambre2_2000x1065.jpg\",\"datePublished\":\"2017-05-16T20:51:34+00:00\",\"dateModified\":\"2020-06-02T10:41:19+00:00\",\"breadcrumb\":{\"@id\":\"https:\\\/\\\/www.maisonboulvern.com\\\/index.php\\\/nl\\\/accommodation\\\/kamer-2\\\/#breadcrumb\"},\"inLanguage\":\"fr-FR\",\"potentialAction\":[{\"@type\":\"ReadAction\",\"target\":[\"https:\\\/\\\/www.maisonboulvern.com\\\/index.php\\\/nl\\\/accommodation\\\/kamer-2\\\/\"]}]},{\"@type\":\"ImageObject\",\"inLanguage\":\"fr-FR\",\"@id\":\"https:\\\/\\\/www.maisonboulvern.com\\\/index.php\\\/nl\\\/accommodation\\\/kamer-2\\\/#primaryimage\",\"url\":\"https:\\\/\\\/www.maisonboulvern.com\\\/wp-content\\\/uploads\\\/2018\\\/07\\\/Chambre2_2000x1065.jpg\",\"contentUrl\":\"https:\\\/\\\/www.maisonboulvern.com\\\/wp-content\\\/uploads\\\/2018\\\/07\\\/Chambre2_2000x1065.jpg\",\"width\":2000,\"height\":1065},{\"@type\":\"BreadcrumbList\",\"@id\":\"https:\\\/\\\/www.maisonboulvern.com\\\/index.php\\\/nl\\\/accommodation\\\/kamer-2\\\/#breadcrumb\",\"itemListElement\":[{\"@type\":\"ListItem\",\"position\":1,\"name\":\"Accueil\",\"item\":\"https:\\\/\\\/www.maisonboulvern.com\\\/index.php\\\/fr\\\/\"},{\"@type\":\"ListItem\",\"position\":2,\"name\":\"Types de logement\",\"item\":\"https:\\\/\\\/www.maisonboulvern.com\\\/index.php\\\/fr\\\/accommodation\\\/\"},{\"@type\":\"ListItem\",\"position\":3,\"name\":\"N\u00ba2, open zee\"}]},{\"@type\":\"WebSite\",\"@id\":\"https:\\\/\\\/www.maisonboulvern.com\\\/#website\",\"url\":\"https:\\\/\\\/www.maisonboulvern.com\\\/\",\"name\":\"Maison Boulvern\",\"description\":\"Chambres d&#039;h\u00f4tes de charme au c\u0153ur du Finist\u00e8re\",\"publisher\":{\"@id\":\"https:\\\/\\\/www.maisonboulvern.com\\\/#organization\"},\"potentialAction\":[{\"@type\":\"SearchAction\",\"target\":{\"@type\":\"EntryPoint\",\"urlTemplate\":\"https:\\\/\\\/www.maisonboulvern.com\\\/?s={search_term_string}\"},\"query-input\":{\"@type\":\"PropertyValueSpecification\",\"valueRequired\":true,\"valueName\":\"search_term_string\"}}],\"inLanguage\":\"fr-FR\"},{\"@type\":\"Organization\",\"@id\":\"https:\\\/\\\/www.maisonboulvern.com\\\/#organization\",\"name\":\"Maison Boulvern\",\"url\":\"https:\\\/\\\/www.maisonboulvern.com\\\/\",\"logo\":{\"@type\":\"ImageObject\",\"inLanguage\":\"fr-FR\",\"@id\":\"https:\\\/\\\/www.maisonboulvern.com\\\/#\\\/schema\\\/logo\\\/image\\\/\",\"url\":\"https:\\\/\\\/www.maisonboulvern.com\\\/wp-content\\\/uploads\\\/2020\\\/06\\\/Icone_512x512.jpg\",\"contentUrl\":\"https:\\\/\\\/www.maisonboulvern.com\\\/wp-content\\\/uploads\\\/2020\\\/06\\\/Icone_512x512.jpg\",\"width\":2135,\"height\":2135,\"caption\":\"Maison Boulvern\"},\"image\":{\"@id\":\"https:\\\/\\\/www.maisonboulvern.com\\\/#\\\/schema\\\/logo\\\/image\\\/\"}}]}<\/script>\n<!-- \/ Yoast SEO plugin. -->","yoast_head_json":{"title":"N\u00ba2, open zee - Maison Boulvern","robots":{"index":"index","follow":"follow","max-snippet":"max-snippet:-1","max-image-preview":"max-image-preview:large","max-video-preview":"max-video-preview:-1"},"canonical":"https:\/\/www.maisonboulvern.com\/index.php\/nl\/accommodation\/kamer-2\/","og_locale":"fr_FR","og_type":"article","og_title":"N\u00ba2, open zee - Maison Boulvern","og_description":"De perfecte kamer voor wie van rust en ruimte houdt","og_url":"https:\/\/www.maisonboulvern.com\/index.php\/nl\/accommodation\/kamer-2\/","og_site_name":"Maison Boulvern","article_modified_time":"2020-06-02T10:41:19+00:00","og_image":[{"width":2000,"height":1065,"url":"https:\/\/i0.wp.com\/www.maisonboulvern.com\/wp-content\/uploads\/2018\/07\/Chambre2_2000x1065.jpg?fit=2000%2C1065&ssl=1","type":"image\/jpeg"}],"twitter_card":"summary_large_image","schema":{"@context":"https:\/\/schema.org","@graph":[{"@type":"WebPage","@id":"https:\/\/www.maisonboulvern.com\/index.php\/nl\/accommodation\/kamer-2\/","url":"https:\/\/www.maisonboulvern.com\/index.php\/nl\/accommodation\/kamer-2\/","name":"N\u00ba2, open zee - Maison Boulvern","isPartOf":{"@id":"https:\/\/www.maisonboulvern.com\/#website"},"primaryImageOfPage":{"@id":"https:\/\/www.maisonboulvern.com\/index.php\/nl\/accommodation\/kamer-2\/#primaryimage"},"image":{"@id":"https:\/\/www.maisonboulvern.com\/index.php\/nl\/accommodation\/kamer-2\/#primaryimage"},"thumbnailUrl":"https:\/\/www.maisonboulvern.com\/wp-content\/uploads\/2018\/07\/Chambre2_2000x1065.jpg","datePublished":"2017-05-16T20:51:34+00:00","dateModified":"2020-06-02T10:41:19+00:00","breadcrumb":{"@id":"https:\/\/www.maisonboulvern.com\/index.php\/nl\/accommodation\/kamer-2\/#breadcrumb"},"inLanguage":"fr-FR","potentialAction":[{"@type":"ReadAction","target":["https:\/\/www.maisonboulvern.com\/index.php\/nl\/accommodation\/kamer-2\/"]}]},{"@type":"ImageObject","inLanguage":"fr-FR","@id":"https:\/\/www.maisonboulvern.com\/index.php\/nl\/accommodation\/kamer-2\/#primaryimage","url":"https:\/\/www.maisonboulvern.com\/wp-content\/uploads\/2018\/07\/Chambre2_2000x1065.jpg","contentUrl":"https:\/\/www.maisonboulvern.com\/wp-content\/uploads\/2018\/07\/Chambre2_2000x1065.jpg","width":2000,"height":1065},{"@type":"BreadcrumbList","@id":"https:\/\/www.maisonboulvern.com\/index.php\/nl\/accommodation\/kamer-2\/#breadcrumb","itemListElement":[{"@type":"ListItem","position":1,"name":"Accueil","item":"https:\/\/www.maisonboulvern.com\/index.php\/fr\/"},{"@type":"ListItem","position":2,"name":"Types de logement","item":"https:\/\/www.maisonboulvern.com\/index.php\/fr\/accommodation\/"},{"@type":"ListItem","position":3,"name":"N\u00ba2, open zee"}]},{"@type":"WebSite","@id":"https:\/\/www.maisonboulvern.com\/#website","url":"https:\/\/www.maisonboulvern.com\/","name":"Maison Boulvern","description":"Chambres d&#039;h\u00f4tes de charme au c\u0153ur du Finist\u00e8re","publisher":{"@id":"https:\/\/www.maisonboulvern.com\/#organization"},"potentialAction":[{"@type":"SearchAction","target":{"@type":"EntryPoint","urlTemplate":"https:\/\/www.maisonboulvern.com\/?s={search_term_string}"},"query-input":{"@type":"PropertyValueSpecification","valueRequired":true,"valueName":"search_term_string"}}],"inLanguage":"fr-FR"},{"@type":"Organization","@id":"https:\/\/www.maisonboulvern.com\/#organization","name":"Maison Boulvern","url":"https:\/\/www.maisonboulvern.com\/","logo":{"@type":"ImageObject","inLanguage":"fr-FR","@id":"https:\/\/www.maisonboulvern.com\/#\/schema\/logo\/image\/","url":"https:\/\/www.maisonboulvern.com\/wp-content\/uploads\/2020\/06\/Icone_512x512.jpg","contentUrl":"https:\/\/www.maisonboulvern.com\/wp-content\/uploads\/2020\/06\/Icone_512x512.jpg","width":2135,"height":2135,"caption":"Maison Boulvern"},"image":{"@id":"https:\/\/www.maisonboulvern.com\/#\/schema\/logo\/image\/"}}]}},"_links":{"self":[{"href":"https:\/\/www.maisonboulvern.com\/index.php\/wp-json\/wp\/v2\/mphb_room_type\/880","targetHints":{"allow":["GET"]}}],"collection":[{"href":"https:\/\/www.maisonboulvern.com\/index.php\/wp-json\/wp\/v2\/mphb_room_type"}],"about":[{"href":"https:\/\/www.maisonboulvern.com\/index.php\/wp-json\/wp\/v2\/types\/mphb_room_type"}],"replies":[{"embeddable":true,"href":"https:\/\/www.maisonboulvern.com\/index.php\/wp-json\/wp\/v2\/comments?post=880"}],"wp:featuredmedia":[{"embeddable":true,"href":"https:\/\/www.maisonboulvern.com\/index.php\/wp-json\/wp\/v2\/media\/461"}],"wp:attachment":[{"href":"https:\/\/www.maisonboulvern.com\/index.php\/wp-json\/wp\/v2\/media?parent=880"}],"wp:term":[{"taxonomy":"mphb_room_type_category","embeddable":true,"href":"https:\/\/www.maisonboulvern.com\/index.php\/wp-json\/wp\/v2\/mphb_room_type_category?post=880"},{"taxonomy":"mphb_room_type_tag","embeddable":true,"href":"https:\/\/www.maisonboulvern.com\/index.php\/wp-json\/wp\/v2\/mphb_room_type_tag?post=880"},{"taxonomy":"mphb_room_type_facility","embeddable":true,"href":"https:\/\/www.maisonboulvern.com\/index.php\/wp-json\/wp\/v2\/mphb_room_type_facility?post=880"}],"curies":[{"name":"wp","href":"https:\/\/api.w.org\/{rel}","templated":true}]}}