{"id":882,"date":"2017-05-16T15:14:14","date_gmt":"2017-05-16T15:14:14","guid":{"rendered":"http:\/\/maisonboulvern.com\/?post_type=mphb_room_type&#038;p=882"},"modified":"2020-06-02T12:17:15","modified_gmt":"2020-06-02T10:17:15","slug":"no1-le-nid-douillet","status":"publish","type":"mphb_room_type","link":"https:\/\/www.maisonboulvern.com\/index.php\/nl\/accommodation\/no1-le-nid-douillet\/","title":{"rendered":"N\u00ba1, het knusse nest"},"content":{"rendered":"<p>Een gezellige kamer en met haar weidse uitzicht een oase van rust. De kamer beschikt over een ruime badkamer met een regendouche. Omdat zij op het zuiden is gelegen is het heerlijk licht. Een erg fijne en comfortabele kamer.<\/p>\n<div id='gallery-1' class='gallery galleryid-882 gallery-columns-2 gallery-size-thumbnail'><figure class='gallery-item'>\n\t\t\t<div class='gallery-icon landscape'>\n\t\t\t\t<a href='https:\/\/www.maisonboulvern.com\/index.php\/fr\/accommodation\/chambre-double-classique\/chambre1_no_1065x1065\/'><img loading=\"lazy\" decoding=\"async\" width=\"150\" height=\"150\" src=\"https:\/\/www.maisonboulvern.com\/wp-content\/uploads\/2018\/07\/Chambre1_n\u00ba_1065x1065-150x150.jpg\" class=\"attachment-thumbnail size-thumbnail\" alt=\"\" srcset=\"https:\/\/www.maisonboulvern.com\/wp-content\/uploads\/2018\/07\/Chambre1_n\u00ba_1065x1065-150x150.jpg 150w, https:\/\/www.maisonboulvern.com\/wp-content\/uploads\/2018\/07\/Chambre1_n\u00ba_1065x1065-300x300.jpg 300w, https:\/\/www.maisonboulvern.com\/wp-content\/uploads\/2018\/07\/Chambre1_n\u00ba_1065x1065-768x768.jpg 768w, https:\/\/www.maisonboulvern.com\/wp-content\/uploads\/2018\/07\/Chambre1_n\u00ba_1065x1065-1024x1024.jpg 1024w, https:\/\/www.maisonboulvern.com\/wp-content\/uploads\/2018\/07\/Chambre1_n\u00ba_1065x1065-560x560.jpg 560w, https:\/\/www.maisonboulvern.com\/wp-content\/uploads\/2018\/07\/Chambre1_n\u00ba_1065x1065.jpg 1065w\" sizes=\"auto, (max-width: 150px) 100vw, 150px\" \/><\/a>\n\t\t\t<\/div><\/figure><figure class='gallery-item'>\n\t\t\t<div class='gallery-icon landscape'>\n\t\t\t\t<a href='https:\/\/www.maisonboulvern.com\/index.php\/fr\/accommodation\/chambre-double-classique\/chambre1_rangement_1065x1065\/'><img loading=\"lazy\" decoding=\"async\" width=\"150\" height=\"150\" src=\"https:\/\/www.maisonboulvern.com\/wp-content\/uploads\/2018\/07\/Chambre1_Rangement_1065x1065-150x150.jpg\" class=\"attachment-thumbnail size-thumbnail\" alt=\"\" srcset=\"https:\/\/www.maisonboulvern.com\/wp-content\/uploads\/2018\/07\/Chambre1_Rangement_1065x1065-150x150.jpg 150w, https:\/\/www.maisonboulvern.com\/wp-content\/uploads\/2018\/07\/Chambre1_Rangement_1065x1065-300x300.jpg 300w, https:\/\/www.maisonboulvern.com\/wp-content\/uploads\/2018\/07\/Chambre1_Rangement_1065x1065-768x768.jpg 768w, https:\/\/www.maisonboulvern.com\/wp-content\/uploads\/2018\/07\/Chambre1_Rangement_1065x1065-1024x1024.jpg 1024w, https:\/\/www.maisonboulvern.com\/wp-content\/uploads\/2018\/07\/Chambre1_Rangement_1065x1065-560x560.jpg 560w, https:\/\/www.maisonboulvern.com\/wp-content\/uploads\/2018\/07\/Chambre1_Rangement_1065x1065.jpg 1065w\" sizes=\"auto, (max-width: 150px) 100vw, 150px\" \/><\/a>\n\t\t\t<\/div><\/figure><figure class='gallery-item'>\n\t\t\t<div class='gallery-icon landscape'>\n\t\t\t\t<a href='https:\/\/www.maisonboulvern.com\/index.php\/fr\/accommodation\/chambre-double-classique\/chambre1_salle-deau_1065x1065\/'><img loading=\"lazy\" decoding=\"async\" width=\"150\" height=\"150\" src=\"https:\/\/www.maisonboulvern.com\/wp-content\/uploads\/2018\/07\/Chambre1_Salle-deau_1065x1065-150x150.jpg\" class=\"attachment-thumbnail size-thumbnail\" alt=\"\" srcset=\"https:\/\/www.maisonboulvern.com\/wp-content\/uploads\/2018\/07\/Chambre1_Salle-deau_1065x1065-150x150.jpg 150w, https:\/\/www.maisonboulvern.com\/wp-content\/uploads\/2018\/07\/Chambre1_Salle-deau_1065x1065-300x300.jpg 300w, https:\/\/www.maisonboulvern.com\/wp-content\/uploads\/2018\/07\/Chambre1_Salle-deau_1065x1065-768x768.jpg 768w, https:\/\/www.maisonboulvern.com\/wp-content\/uploads\/2018\/07\/Chambre1_Salle-deau_1065x1065-1024x1024.jpg 1024w, https:\/\/www.maisonboulvern.com\/wp-content\/uploads\/2018\/07\/Chambre1_Salle-deau_1065x1065-560x560.jpg 560w, https:\/\/www.maisonboulvern.com\/wp-content\/uploads\/2018\/07\/Chambre1_Salle-deau_1065x1065.jpg 1065w\" sizes=\"auto, (max-width: 150px) 100vw, 150px\" \/><\/a>\n\t\t\t<\/div><\/figure><figure class='gallery-item'>\n\t\t\t<div class='gallery-icon landscape'>\n\t\t\t\t<a href='https:\/\/www.maisonboulvern.com\/index.php\/fr\/accommodation\/chambre-double-classique\/chambre1_retro_1065x1065\/'><img loading=\"lazy\" decoding=\"async\" width=\"150\" height=\"150\" src=\"https:\/\/www.maisonboulvern.com\/wp-content\/uploads\/2018\/07\/Chambre1_Retro_1065x1065-150x150.jpg\" class=\"attachment-thumbnail size-thumbnail\" alt=\"\" srcset=\"https:\/\/www.maisonboulvern.com\/wp-content\/uploads\/2018\/07\/Chambre1_Retro_1065x1065-150x150.jpg 150w, https:\/\/www.maisonboulvern.com\/wp-content\/uploads\/2018\/07\/Chambre1_Retro_1065x1065-300x300.jpg 300w, https:\/\/www.maisonboulvern.com\/wp-content\/uploads\/2018\/07\/Chambre1_Retro_1065x1065-768x768.jpg 768w, https:\/\/www.maisonboulvern.com\/wp-content\/uploads\/2018\/07\/Chambre1_Retro_1065x1065-1024x1024.jpg 1024w, https:\/\/www.maisonboulvern.com\/wp-content\/uploads\/2018\/07\/Chambre1_Retro_1065x1065-560x560.jpg 560w, https:\/\/www.maisonboulvern.com\/wp-content\/uploads\/2018\/07\/Chambre1_Retro_1065x1065.jpg 1065w\" sizes=\"auto, (max-width: 150px) 100vw, 150px\" \/><\/a>\n\t\t\t<\/div><\/figure>\n\t\t<\/div>\n\n","protected":false},"excerpt":{"rendered":"<p>Als je rust en comfort zoekt tijdens je weekend of weekje weg<\/p>\n","protected":false},"featured_media":449,"menu_order":0,"comment_status":"open","ping_status":"closed","template":"","mphb_room_type_category":[134],"mphb_room_type_tag":[],"mphb_room_type_facility":[109,115,111],"class_list":["post-882","mphb_room_type","type-mphb_room_type","status-publish","has-post-thumbnail","hentry","mphb_room_type_category-tweepersoons","mphb_room_type_facility-fohn","mphb_room_type_facility-gratis-wifi","mphb_room_type_facility-buiten-zit-gedeelten","mphb-room-type-adults-2","mphb-room-type-children-0","has-taxes-and-fees"],"yoast_head":"<!-- This site is optimized with the Yoast SEO plugin v27.5 - https:\/\/yoast.com\/product\/yoast-seo-wordpress\/ -->\n<title>N\u00ba1, het knusse nest - Maison Boulvern<\/title>\n<meta name=\"robots\" content=\"index, follow, max-snippet:-1, max-image-preview:large, max-video-preview:-1\" \/>\n<link rel=\"canonical\" href=\"https:\/\/www.maisonboulvern.com\/index.php\/nl\/accommodation\/no1-le-nid-douillet\/\" \/>\n<meta property=\"og:locale\" content=\"fr_FR\" \/>\n<meta property=\"og:type\" content=\"article\" \/>\n<meta property=\"og:title\" content=\"N\u00ba1, het knusse nest - Maison Boulvern\" \/>\n<meta property=\"og:description\" content=\"Als je rust en comfort zoekt tijdens je weekend of weekje weg\" \/>\n<meta property=\"og:url\" content=\"https:\/\/www.maisonboulvern.com\/index.php\/nl\/accommodation\/no1-le-nid-douillet\/\" \/>\n<meta property=\"og:site_name\" content=\"Maison Boulvern\" \/>\n<meta property=\"article:modified_time\" content=\"2020-06-02T10:17:15+00:00\" \/>\n<meta property=\"og:image\" content=\"https:\/\/i0.wp.com\/www.maisonboulvern.com\/wp-content\/uploads\/2018\/07\/Chambre1_2000x1065.jpg?fit=2000%2C1065&ssl=1\" \/>\n\t<meta property=\"og:image:width\" content=\"2000\" \/>\n\t<meta property=\"og:image:height\" content=\"1065\" \/>\n\t<meta property=\"og:image:type\" content=\"image\/jpeg\" \/>\n<meta name=\"twitter:card\" content=\"summary_large_image\" \/>\n<script type=\"application\/ld+json\" class=\"yoast-schema-graph\">{\"@context\":\"https:\\\/\\\/schema.org\",\"@graph\":[{\"@type\":\"WebPage\",\"@id\":\"https:\\\/\\\/www.maisonboulvern.com\\\/index.php\\\/nl\\\/accommodation\\\/no1-le-nid-douillet\\\/\",\"url\":\"https:\\\/\\\/www.maisonboulvern.com\\\/index.php\\\/nl\\\/accommodation\\\/no1-le-nid-douillet\\\/\",\"name\":\"N\u00ba1, het knusse nest - Maison Boulvern\",\"isPartOf\":{\"@id\":\"https:\\\/\\\/www.maisonboulvern.com\\\/#website\"},\"primaryImageOfPage\":{\"@id\":\"https:\\\/\\\/www.maisonboulvern.com\\\/index.php\\\/nl\\\/accommodation\\\/no1-le-nid-douillet\\\/#primaryimage\"},\"image\":{\"@id\":\"https:\\\/\\\/www.maisonboulvern.com\\\/index.php\\\/nl\\\/accommodation\\\/no1-le-nid-douillet\\\/#primaryimage\"},\"thumbnailUrl\":\"https:\\\/\\\/www.maisonboulvern.com\\\/wp-content\\\/uploads\\\/2018\\\/07\\\/Chambre1_2000x1065.jpg\",\"datePublished\":\"2017-05-16T15:14:14+00:00\",\"dateModified\":\"2020-06-02T10:17:15+00:00\",\"breadcrumb\":{\"@id\":\"https:\\\/\\\/www.maisonboulvern.com\\\/index.php\\\/nl\\\/accommodation\\\/no1-le-nid-douillet\\\/#breadcrumb\"},\"inLanguage\":\"fr-FR\",\"potentialAction\":[{\"@type\":\"ReadAction\",\"target\":[\"https:\\\/\\\/www.maisonboulvern.com\\\/index.php\\\/nl\\\/accommodation\\\/no1-le-nid-douillet\\\/\"]}]},{\"@type\":\"ImageObject\",\"inLanguage\":\"fr-FR\",\"@id\":\"https:\\\/\\\/www.maisonboulvern.com\\\/index.php\\\/nl\\\/accommodation\\\/no1-le-nid-douillet\\\/#primaryimage\",\"url\":\"https:\\\/\\\/www.maisonboulvern.com\\\/wp-content\\\/uploads\\\/2018\\\/07\\\/Chambre1_2000x1065.jpg\",\"contentUrl\":\"https:\\\/\\\/www.maisonboulvern.com\\\/wp-content\\\/uploads\\\/2018\\\/07\\\/Chambre1_2000x1065.jpg\",\"width\":2000,\"height\":1065,\"caption\":\"Chambre double classique\"},{\"@type\":\"BreadcrumbList\",\"@id\":\"https:\\\/\\\/www.maisonboulvern.com\\\/index.php\\\/nl\\\/accommodation\\\/no1-le-nid-douillet\\\/#breadcrumb\",\"itemListElement\":[{\"@type\":\"ListItem\",\"position\":1,\"name\":\"Accueil\",\"item\":\"https:\\\/\\\/www.maisonboulvern.com\\\/index.php\\\/fr\\\/\"},{\"@type\":\"ListItem\",\"position\":2,\"name\":\"Types de logement\",\"item\":\"https:\\\/\\\/www.maisonboulvern.com\\\/index.php\\\/fr\\\/accommodation\\\/\"},{\"@type\":\"ListItem\",\"position\":3,\"name\":\"N\u00ba1, het knusse nest\"}]},{\"@type\":\"WebSite\",\"@id\":\"https:\\\/\\\/www.maisonboulvern.com\\\/#website\",\"url\":\"https:\\\/\\\/www.maisonboulvern.com\\\/\",\"name\":\"Maison Boulvern\",\"description\":\"Chambres d&#039;h\u00f4tes de charme au c\u0153ur du Finist\u00e8re\",\"publisher\":{\"@id\":\"https:\\\/\\\/www.maisonboulvern.com\\\/#organization\"},\"potentialAction\":[{\"@type\":\"SearchAction\",\"target\":{\"@type\":\"EntryPoint\",\"urlTemplate\":\"https:\\\/\\\/www.maisonboulvern.com\\\/?s={search_term_string}\"},\"query-input\":{\"@type\":\"PropertyValueSpecification\",\"valueRequired\":true,\"valueName\":\"search_term_string\"}}],\"inLanguage\":\"fr-FR\"},{\"@type\":\"Organization\",\"@id\":\"https:\\\/\\\/www.maisonboulvern.com\\\/#organization\",\"name\":\"Maison Boulvern\",\"url\":\"https:\\\/\\\/www.maisonboulvern.com\\\/\",\"logo\":{\"@type\":\"ImageObject\",\"inLanguage\":\"fr-FR\",\"@id\":\"https:\\\/\\\/www.maisonboulvern.com\\\/#\\\/schema\\\/logo\\\/image\\\/\",\"url\":\"https:\\\/\\\/www.maisonboulvern.com\\\/wp-content\\\/uploads\\\/2020\\\/06\\\/Icone_512x512.jpg\",\"contentUrl\":\"https:\\\/\\\/www.maisonboulvern.com\\\/wp-content\\\/uploads\\\/2020\\\/06\\\/Icone_512x512.jpg\",\"width\":2135,\"height\":2135,\"caption\":\"Maison Boulvern\"},\"image\":{\"@id\":\"https:\\\/\\\/www.maisonboulvern.com\\\/#\\\/schema\\\/logo\\\/image\\\/\"}}]}<\/script>\n<!-- \/ Yoast SEO plugin. -->","yoast_head_json":{"title":"N\u00ba1, het knusse nest - Maison Boulvern","robots":{"index":"index","follow":"follow","max-snippet":"max-snippet:-1","max-image-preview":"max-image-preview:large","max-video-preview":"max-video-preview:-1"},"canonical":"https:\/\/www.maisonboulvern.com\/index.php\/nl\/accommodation\/no1-le-nid-douillet\/","og_locale":"fr_FR","og_type":"article","og_title":"N\u00ba1, het knusse nest - Maison Boulvern","og_description":"Als je rust en comfort zoekt tijdens je weekend of weekje weg","og_url":"https:\/\/www.maisonboulvern.com\/index.php\/nl\/accommodation\/no1-le-nid-douillet\/","og_site_name":"Maison Boulvern","article_modified_time":"2020-06-02T10:17:15+00:00","og_image":[{"width":2000,"height":1065,"url":"https:\/\/i0.wp.com\/www.maisonboulvern.com\/wp-content\/uploads\/2018\/07\/Chambre1_2000x1065.jpg?fit=2000%2C1065&ssl=1","type":"image\/jpeg"}],"twitter_card":"summary_large_image","schema":{"@context":"https:\/\/schema.org","@graph":[{"@type":"WebPage","@id":"https:\/\/www.maisonboulvern.com\/index.php\/nl\/accommodation\/no1-le-nid-douillet\/","url":"https:\/\/www.maisonboulvern.com\/index.php\/nl\/accommodation\/no1-le-nid-douillet\/","name":"N\u00ba1, het knusse nest - Maison Boulvern","isPartOf":{"@id":"https:\/\/www.maisonboulvern.com\/#website"},"primaryImageOfPage":{"@id":"https:\/\/www.maisonboulvern.com\/index.php\/nl\/accommodation\/no1-le-nid-douillet\/#primaryimage"},"image":{"@id":"https:\/\/www.maisonboulvern.com\/index.php\/nl\/accommodation\/no1-le-nid-douillet\/#primaryimage"},"thumbnailUrl":"https:\/\/www.maisonboulvern.com\/wp-content\/uploads\/2018\/07\/Chambre1_2000x1065.jpg","datePublished":"2017-05-16T15:14:14+00:00","dateModified":"2020-06-02T10:17:15+00:00","breadcrumb":{"@id":"https:\/\/www.maisonboulvern.com\/index.php\/nl\/accommodation\/no1-le-nid-douillet\/#breadcrumb"},"inLanguage":"fr-FR","potentialAction":[{"@type":"ReadAction","target":["https:\/\/www.maisonboulvern.com\/index.php\/nl\/accommodation\/no1-le-nid-douillet\/"]}]},{"@type":"ImageObject","inLanguage":"fr-FR","@id":"https:\/\/www.maisonboulvern.com\/index.php\/nl\/accommodation\/no1-le-nid-douillet\/#primaryimage","url":"https:\/\/www.maisonboulvern.com\/wp-content\/uploads\/2018\/07\/Chambre1_2000x1065.jpg","contentUrl":"https:\/\/www.maisonboulvern.com\/wp-content\/uploads\/2018\/07\/Chambre1_2000x1065.jpg","width":2000,"height":1065,"caption":"Chambre double classique"},{"@type":"BreadcrumbList","@id":"https:\/\/www.maisonboulvern.com\/index.php\/nl\/accommodation\/no1-le-nid-douillet\/#breadcrumb","itemListElement":[{"@type":"ListItem","position":1,"name":"Accueil","item":"https:\/\/www.maisonboulvern.com\/index.php\/fr\/"},{"@type":"ListItem","position":2,"name":"Types de logement","item":"https:\/\/www.maisonboulvern.com\/index.php\/fr\/accommodation\/"},{"@type":"ListItem","position":3,"name":"N\u00ba1, het knusse nest"}]},{"@type":"WebSite","@id":"https:\/\/www.maisonboulvern.com\/#website","url":"https:\/\/www.maisonboulvern.com\/","name":"Maison Boulvern","description":"Chambres d&#039;h\u00f4tes de charme au c\u0153ur du Finist\u00e8re","publisher":{"@id":"https:\/\/www.maisonboulvern.com\/#organization"},"potentialAction":[{"@type":"SearchAction","target":{"@type":"EntryPoint","urlTemplate":"https:\/\/www.maisonboulvern.com\/?s={search_term_string}"},"query-input":{"@type":"PropertyValueSpecification","valueRequired":true,"valueName":"search_term_string"}}],"inLanguage":"fr-FR"},{"@type":"Organization","@id":"https:\/\/www.maisonboulvern.com\/#organization","name":"Maison Boulvern","url":"https:\/\/www.maisonboulvern.com\/","logo":{"@type":"ImageObject","inLanguage":"fr-FR","@id":"https:\/\/www.maisonboulvern.com\/#\/schema\/logo\/image\/","url":"https:\/\/www.maisonboulvern.com\/wp-content\/uploads\/2020\/06\/Icone_512x512.jpg","contentUrl":"https:\/\/www.maisonboulvern.com\/wp-content\/uploads\/2020\/06\/Icone_512x512.jpg","width":2135,"height":2135,"caption":"Maison Boulvern"},"image":{"@id":"https:\/\/www.maisonboulvern.com\/#\/schema\/logo\/image\/"}}]}},"_links":{"self":[{"href":"https:\/\/www.maisonboulvern.com\/index.php\/wp-json\/wp\/v2\/mphb_room_type\/882","targetHints":{"allow":["GET"]}}],"collection":[{"href":"https:\/\/www.maisonboulvern.com\/index.php\/wp-json\/wp\/v2\/mphb_room_type"}],"about":[{"href":"https:\/\/www.maisonboulvern.com\/index.php\/wp-json\/wp\/v2\/types\/mphb_room_type"}],"replies":[{"embeddable":true,"href":"https:\/\/www.maisonboulvern.com\/index.php\/wp-json\/wp\/v2\/comments?post=882"}],"wp:featuredmedia":[{"embeddable":true,"href":"https:\/\/www.maisonboulvern.com\/index.php\/wp-json\/wp\/v2\/media\/449"}],"wp:attachment":[{"href":"https:\/\/www.maisonboulvern.com\/index.php\/wp-json\/wp\/v2\/media?parent=882"}],"wp:term":[{"taxonomy":"mphb_room_type_category","embeddable":true,"href":"https:\/\/www.maisonboulvern.com\/index.php\/wp-json\/wp\/v2\/mphb_room_type_category?post=882"},{"taxonomy":"mphb_room_type_tag","embeddable":true,"href":"https:\/\/www.maisonboulvern.com\/index.php\/wp-json\/wp\/v2\/mphb_room_type_tag?post=882"},{"taxonomy":"mphb_room_type_facility","embeddable":true,"href":"https:\/\/www.maisonboulvern.com\/index.php\/wp-json\/wp\/v2\/mphb_room_type_facility?post=882"}],"curies":[{"name":"wp","href":"https:\/\/api.w.org\/{rel}","templated":true}]}}