{"id":94,"date":"2017-05-16T15:14:14","date_gmt":"2017-05-16T15:14:14","guid":{"rendered":"http:\/\/themes.getmotopress.com\/oceanica\/?post_type=mphb_room_type&#038;p=94"},"modified":"2024-04-02T13:30:07","modified_gmt":"2024-04-02T11:30:07","slug":"chambre-double-classique","status":"publish","type":"mphb_room_type","link":"https:\/\/www.maisonboulvern.com\/index.php\/fr\/accommodation\/chambre-double-classique\/","title":{"rendered":"N\u00ba1, le nid douillet"},"content":{"rendered":"<p>La chambre n\u00ba1 est une chambre comfortable qui offre une vue magnifique sur une oasis de verdure. La chambre dispose d&rsquo;une salle d&rsquo;eau spacieuse avec une douche \u00e0 effet pluie. Orient\u00e9e Sud-Est, ce nid douillet profite d&rsquo;une merveilleuse lumi\u00e8re toute la journ\u00e9e.<\/p>\n<div id='gallery-1' class='gallery galleryid-94 gallery-columns-2 gallery-size-thumbnail'><figure class='gallery-item'>\n\t\t\t<div class='gallery-icon landscape'>\n\t\t\t\t<a href='https:\/\/www.maisonboulvern.com\/index.php\/fr\/accommodation\/chambre-double-classique\/chambre1_no_1065x1065\/'><img loading=\"lazy\" decoding=\"async\" width=\"150\" height=\"150\" src=\"https:\/\/www.maisonboulvern.com\/wp-content\/uploads\/2018\/07\/Chambre1_n\u00ba_1065x1065-150x150.jpg\" class=\"attachment-thumbnail size-thumbnail\" alt=\"\" srcset=\"https:\/\/www.maisonboulvern.com\/wp-content\/uploads\/2018\/07\/Chambre1_n\u00ba_1065x1065-150x150.jpg 150w, https:\/\/www.maisonboulvern.com\/wp-content\/uploads\/2018\/07\/Chambre1_n\u00ba_1065x1065-300x300.jpg 300w, https:\/\/www.maisonboulvern.com\/wp-content\/uploads\/2018\/07\/Chambre1_n\u00ba_1065x1065-768x768.jpg 768w, https:\/\/www.maisonboulvern.com\/wp-content\/uploads\/2018\/07\/Chambre1_n\u00ba_1065x1065-1024x1024.jpg 1024w, https:\/\/www.maisonboulvern.com\/wp-content\/uploads\/2018\/07\/Chambre1_n\u00ba_1065x1065-560x560.jpg 560w, https:\/\/www.maisonboulvern.com\/wp-content\/uploads\/2018\/07\/Chambre1_n\u00ba_1065x1065.jpg 1065w\" sizes=\"auto, (max-width: 150px) 100vw, 150px\" \/><\/a>\n\t\t\t<\/div><\/figure><figure class='gallery-item'>\n\t\t\t<div class='gallery-icon landscape'>\n\t\t\t\t<a href='https:\/\/www.maisonboulvern.com\/index.php\/fr\/accommodation\/chambre-double-classique\/chambre1_rangement_1065x1065\/'><img loading=\"lazy\" decoding=\"async\" width=\"150\" height=\"150\" src=\"https:\/\/www.maisonboulvern.com\/wp-content\/uploads\/2018\/07\/Chambre1_Rangement_1065x1065-150x150.jpg\" class=\"attachment-thumbnail size-thumbnail\" alt=\"\" srcset=\"https:\/\/www.maisonboulvern.com\/wp-content\/uploads\/2018\/07\/Chambre1_Rangement_1065x1065-150x150.jpg 150w, https:\/\/www.maisonboulvern.com\/wp-content\/uploads\/2018\/07\/Chambre1_Rangement_1065x1065-300x300.jpg 300w, https:\/\/www.maisonboulvern.com\/wp-content\/uploads\/2018\/07\/Chambre1_Rangement_1065x1065-768x768.jpg 768w, https:\/\/www.maisonboulvern.com\/wp-content\/uploads\/2018\/07\/Chambre1_Rangement_1065x1065-1024x1024.jpg 1024w, https:\/\/www.maisonboulvern.com\/wp-content\/uploads\/2018\/07\/Chambre1_Rangement_1065x1065-560x560.jpg 560w, https:\/\/www.maisonboulvern.com\/wp-content\/uploads\/2018\/07\/Chambre1_Rangement_1065x1065.jpg 1065w\" sizes=\"auto, (max-width: 150px) 100vw, 150px\" \/><\/a>\n\t\t\t<\/div><\/figure><figure class='gallery-item'>\n\t\t\t<div class='gallery-icon landscape'>\n\t\t\t\t<a href='https:\/\/www.maisonboulvern.com\/index.php\/fr\/accommodation\/chambre-double-classique\/chambre1_salle-deau_1065x1065\/'><img loading=\"lazy\" decoding=\"async\" width=\"150\" height=\"150\" src=\"https:\/\/www.maisonboulvern.com\/wp-content\/uploads\/2018\/07\/Chambre1_Salle-deau_1065x1065-150x150.jpg\" class=\"attachment-thumbnail size-thumbnail\" alt=\"\" srcset=\"https:\/\/www.maisonboulvern.com\/wp-content\/uploads\/2018\/07\/Chambre1_Salle-deau_1065x1065-150x150.jpg 150w, https:\/\/www.maisonboulvern.com\/wp-content\/uploads\/2018\/07\/Chambre1_Salle-deau_1065x1065-300x300.jpg 300w, https:\/\/www.maisonboulvern.com\/wp-content\/uploads\/2018\/07\/Chambre1_Salle-deau_1065x1065-768x768.jpg 768w, https:\/\/www.maisonboulvern.com\/wp-content\/uploads\/2018\/07\/Chambre1_Salle-deau_1065x1065-1024x1024.jpg 1024w, https:\/\/www.maisonboulvern.com\/wp-content\/uploads\/2018\/07\/Chambre1_Salle-deau_1065x1065-560x560.jpg 560w, https:\/\/www.maisonboulvern.com\/wp-content\/uploads\/2018\/07\/Chambre1_Salle-deau_1065x1065.jpg 1065w\" sizes=\"auto, (max-width: 150px) 100vw, 150px\" \/><\/a>\n\t\t\t<\/div><\/figure><figure class='gallery-item'>\n\t\t\t<div class='gallery-icon landscape'>\n\t\t\t\t<a href='https:\/\/www.maisonboulvern.com\/index.php\/fr\/accommodation\/chambre-double-classique\/chambre1_retro_1065x1065\/'><img loading=\"lazy\" decoding=\"async\" width=\"150\" height=\"150\" src=\"https:\/\/www.maisonboulvern.com\/wp-content\/uploads\/2018\/07\/Chambre1_Retro_1065x1065-150x150.jpg\" class=\"attachment-thumbnail size-thumbnail\" alt=\"\" srcset=\"https:\/\/www.maisonboulvern.com\/wp-content\/uploads\/2018\/07\/Chambre1_Retro_1065x1065-150x150.jpg 150w, https:\/\/www.maisonboulvern.com\/wp-content\/uploads\/2018\/07\/Chambre1_Retro_1065x1065-300x300.jpg 300w, https:\/\/www.maisonboulvern.com\/wp-content\/uploads\/2018\/07\/Chambre1_Retro_1065x1065-768x768.jpg 768w, https:\/\/www.maisonboulvern.com\/wp-content\/uploads\/2018\/07\/Chambre1_Retro_1065x1065-1024x1024.jpg 1024w, https:\/\/www.maisonboulvern.com\/wp-content\/uploads\/2018\/07\/Chambre1_Retro_1065x1065-560x560.jpg 560w, https:\/\/www.maisonboulvern.com\/wp-content\/uploads\/2018\/07\/Chambre1_Retro_1065x1065.jpg 1065w\" sizes=\"auto, (max-width: 150px) 100vw, 150px\" \/><\/a>\n\t\t\t<\/div><\/figure>\n\t\t<\/div>\n\n<p>&nbsp;<\/p>\n","protected":false},"excerpt":{"rendered":"<p>Tout le comfort qu&rsquo;il faut pour vous offrir le calme et la s\u00e9r\u00e9nit\u00e9 le temps d&rsquo;un week-end ou d&rsquo;une semaine.<\/p>\n","protected":false},"featured_media":449,"menu_order":0,"comment_status":"open","ping_status":"closed","template":"","mphb_room_type_category":[47],"mphb_room_type_tag":[28],"mphb_room_type_facility":[55,176,174,18,51,20],"class_list":["post-94","mphb_room_type","type-mphb_room_type","status-publish","has-post-thumbnail","hentry","mphb_room_type_category-double-fr","mphb_room_type_tag-double-comfort","mphb_room_type_facility-wifi-gratuit-fr","mphb_room_type_facility-bouilloire","mphb_room_type_facility-salle-a-manger","mphb_room_type_facility-salon","mphb_room_type_facility-seche-cheveux-fr","mphb_room_type_facility-manger-exterieur","mphb-room-type-adults-2","mphb-room-type-children-0","has-taxes-and-fees"],"yoast_head":"<!-- This site is optimized with the Yoast SEO plugin v27.5 - https:\/\/yoast.com\/product\/yoast-seo-wordpress\/ -->\n<title>N\u00ba1, le nid douillet - Maison Boulvern<\/title>\n<meta name=\"robots\" content=\"index, follow, max-snippet:-1, max-image-preview:large, max-video-preview:-1\" \/>\n<link rel=\"canonical\" href=\"https:\/\/www.maisonboulvern.com\/index.php\/fr\/accommodation\/chambre-double-classique\/\" \/>\n<meta property=\"og:locale\" content=\"fr_FR\" \/>\n<meta property=\"og:type\" content=\"article\" \/>\n<meta property=\"og:title\" content=\"N\u00ba1, le nid douillet - Maison Boulvern\" \/>\n<meta property=\"og:description\" content=\"Tout le comfort qu&#039;il faut pour vous offrir le calme et la s\u00e9r\u00e9nit\u00e9 le temps d&#039;un week-end ou d&#039;une semaine.\" \/>\n<meta property=\"og:url\" content=\"https:\/\/www.maisonboulvern.com\/index.php\/fr\/accommodation\/chambre-double-classique\/\" \/>\n<meta property=\"og:site_name\" content=\"Maison Boulvern\" \/>\n<meta property=\"article:modified_time\" content=\"2024-04-02T11:30:07+00:00\" \/>\n<meta property=\"og:image\" content=\"https:\/\/i0.wp.com\/www.maisonboulvern.com\/wp-content\/uploads\/2018\/07\/Chambre1_2000x1065.jpg?fit=2000%2C1065&ssl=1\" \/>\n\t<meta property=\"og:image:width\" content=\"2000\" \/>\n\t<meta property=\"og:image:height\" content=\"1065\" \/>\n\t<meta property=\"og:image:type\" content=\"image\/jpeg\" \/>\n<meta name=\"twitter:card\" content=\"summary_large_image\" \/>\n<meta name=\"twitter:label1\" content=\"Dur\u00e9e de lecture estim\u00e9e\" \/>\n\t<meta name=\"twitter:data1\" content=\"1 minute\" \/>\n<script type=\"application\/ld+json\" class=\"yoast-schema-graph\">{\"@context\":\"https:\\\/\\\/schema.org\",\"@graph\":[{\"@type\":\"WebPage\",\"@id\":\"https:\\\/\\\/www.maisonboulvern.com\\\/index.php\\\/fr\\\/accommodation\\\/chambre-double-classique\\\/\",\"url\":\"https:\\\/\\\/www.maisonboulvern.com\\\/index.php\\\/fr\\\/accommodation\\\/chambre-double-classique\\\/\",\"name\":\"N\u00ba1, le nid douillet - Maison Boulvern\",\"isPartOf\":{\"@id\":\"https:\\\/\\\/www.maisonboulvern.com\\\/#website\"},\"primaryImageOfPage\":{\"@id\":\"https:\\\/\\\/www.maisonboulvern.com\\\/index.php\\\/fr\\\/accommodation\\\/chambre-double-classique\\\/#primaryimage\"},\"image\":{\"@id\":\"https:\\\/\\\/www.maisonboulvern.com\\\/index.php\\\/fr\\\/accommodation\\\/chambre-double-classique\\\/#primaryimage\"},\"thumbnailUrl\":\"https:\\\/\\\/www.maisonboulvern.com\\\/wp-content\\\/uploads\\\/2018\\\/07\\\/Chambre1_2000x1065.jpg\",\"datePublished\":\"2017-05-16T15:14:14+00:00\",\"dateModified\":\"2024-04-02T11:30:07+00:00\",\"breadcrumb\":{\"@id\":\"https:\\\/\\\/www.maisonboulvern.com\\\/index.php\\\/fr\\\/accommodation\\\/chambre-double-classique\\\/#breadcrumb\"},\"inLanguage\":\"fr-FR\",\"potentialAction\":[{\"@type\":\"ReadAction\",\"target\":[\"https:\\\/\\\/www.maisonboulvern.com\\\/index.php\\\/fr\\\/accommodation\\\/chambre-double-classique\\\/\"]}]},{\"@type\":\"ImageObject\",\"inLanguage\":\"fr-FR\",\"@id\":\"https:\\\/\\\/www.maisonboulvern.com\\\/index.php\\\/fr\\\/accommodation\\\/chambre-double-classique\\\/#primaryimage\",\"url\":\"https:\\\/\\\/www.maisonboulvern.com\\\/wp-content\\\/uploads\\\/2018\\\/07\\\/Chambre1_2000x1065.jpg\",\"contentUrl\":\"https:\\\/\\\/www.maisonboulvern.com\\\/wp-content\\\/uploads\\\/2018\\\/07\\\/Chambre1_2000x1065.jpg\",\"width\":2000,\"height\":1065,\"caption\":\"Chambre double classique\"},{\"@type\":\"BreadcrumbList\",\"@id\":\"https:\\\/\\\/www.maisonboulvern.com\\\/index.php\\\/fr\\\/accommodation\\\/chambre-double-classique\\\/#breadcrumb\",\"itemListElement\":[{\"@type\":\"ListItem\",\"position\":1,\"name\":\"Accueil\",\"item\":\"https:\\\/\\\/www.maisonboulvern.com\\\/index.php\\\/fr\\\/\"},{\"@type\":\"ListItem\",\"position\":2,\"name\":\"Types de logement\",\"item\":\"https:\\\/\\\/www.maisonboulvern.com\\\/index.php\\\/fr\\\/accommodation\\\/\"},{\"@type\":\"ListItem\",\"position\":3,\"name\":\"N\u00ba1, le nid douillet\"}]},{\"@type\":\"WebSite\",\"@id\":\"https:\\\/\\\/www.maisonboulvern.com\\\/#website\",\"url\":\"https:\\\/\\\/www.maisonboulvern.com\\\/\",\"name\":\"Maison Boulvern\",\"description\":\"Chambres d&#039;h\u00f4tes de charme au c\u0153ur du Finist\u00e8re\",\"publisher\":{\"@id\":\"https:\\\/\\\/www.maisonboulvern.com\\\/#organization\"},\"potentialAction\":[{\"@type\":\"SearchAction\",\"target\":{\"@type\":\"EntryPoint\",\"urlTemplate\":\"https:\\\/\\\/www.maisonboulvern.com\\\/?s={search_term_string}\"},\"query-input\":{\"@type\":\"PropertyValueSpecification\",\"valueRequired\":true,\"valueName\":\"search_term_string\"}}],\"inLanguage\":\"fr-FR\"},{\"@type\":\"Organization\",\"@id\":\"https:\\\/\\\/www.maisonboulvern.com\\\/#organization\",\"name\":\"Maison Boulvern\",\"url\":\"https:\\\/\\\/www.maisonboulvern.com\\\/\",\"logo\":{\"@type\":\"ImageObject\",\"inLanguage\":\"fr-FR\",\"@id\":\"https:\\\/\\\/www.maisonboulvern.com\\\/#\\\/schema\\\/logo\\\/image\\\/\",\"url\":\"https:\\\/\\\/www.maisonboulvern.com\\\/wp-content\\\/uploads\\\/2020\\\/06\\\/Icone_512x512.jpg\",\"contentUrl\":\"https:\\\/\\\/www.maisonboulvern.com\\\/wp-content\\\/uploads\\\/2020\\\/06\\\/Icone_512x512.jpg\",\"width\":2135,\"height\":2135,\"caption\":\"Maison Boulvern\"},\"image\":{\"@id\":\"https:\\\/\\\/www.maisonboulvern.com\\\/#\\\/schema\\\/logo\\\/image\\\/\"}}]}<\/script>\n<!-- \/ Yoast SEO plugin. -->","yoast_head_json":{"title":"N\u00ba1, le nid douillet - Maison Boulvern","robots":{"index":"index","follow":"follow","max-snippet":"max-snippet:-1","max-image-preview":"max-image-preview:large","max-video-preview":"max-video-preview:-1"},"canonical":"https:\/\/www.maisonboulvern.com\/index.php\/fr\/accommodation\/chambre-double-classique\/","og_locale":"fr_FR","og_type":"article","og_title":"N\u00ba1, le nid douillet - Maison Boulvern","og_description":"Tout le comfort qu'il faut pour vous offrir le calme et la s\u00e9r\u00e9nit\u00e9 le temps d'un week-end ou d'une semaine.","og_url":"https:\/\/www.maisonboulvern.com\/index.php\/fr\/accommodation\/chambre-double-classique\/","og_site_name":"Maison Boulvern","article_modified_time":"2024-04-02T11:30:07+00:00","og_image":[{"width":2000,"height":1065,"url":"https:\/\/i0.wp.com\/www.maisonboulvern.com\/wp-content\/uploads\/2018\/07\/Chambre1_2000x1065.jpg?fit=2000%2C1065&ssl=1","type":"image\/jpeg"}],"twitter_card":"summary_large_image","twitter_misc":{"Dur\u00e9e de lecture estim\u00e9e":"1 minute"},"schema":{"@context":"https:\/\/schema.org","@graph":[{"@type":"WebPage","@id":"https:\/\/www.maisonboulvern.com\/index.php\/fr\/accommodation\/chambre-double-classique\/","url":"https:\/\/www.maisonboulvern.com\/index.php\/fr\/accommodation\/chambre-double-classique\/","name":"N\u00ba1, le nid douillet - Maison Boulvern","isPartOf":{"@id":"https:\/\/www.maisonboulvern.com\/#website"},"primaryImageOfPage":{"@id":"https:\/\/www.maisonboulvern.com\/index.php\/fr\/accommodation\/chambre-double-classique\/#primaryimage"},"image":{"@id":"https:\/\/www.maisonboulvern.com\/index.php\/fr\/accommodation\/chambre-double-classique\/#primaryimage"},"thumbnailUrl":"https:\/\/www.maisonboulvern.com\/wp-content\/uploads\/2018\/07\/Chambre1_2000x1065.jpg","datePublished":"2017-05-16T15:14:14+00:00","dateModified":"2024-04-02T11:30:07+00:00","breadcrumb":{"@id":"https:\/\/www.maisonboulvern.com\/index.php\/fr\/accommodation\/chambre-double-classique\/#breadcrumb"},"inLanguage":"fr-FR","potentialAction":[{"@type":"ReadAction","target":["https:\/\/www.maisonboulvern.com\/index.php\/fr\/accommodation\/chambre-double-classique\/"]}]},{"@type":"ImageObject","inLanguage":"fr-FR","@id":"https:\/\/www.maisonboulvern.com\/index.php\/fr\/accommodation\/chambre-double-classique\/#primaryimage","url":"https:\/\/www.maisonboulvern.com\/wp-content\/uploads\/2018\/07\/Chambre1_2000x1065.jpg","contentUrl":"https:\/\/www.maisonboulvern.com\/wp-content\/uploads\/2018\/07\/Chambre1_2000x1065.jpg","width":2000,"height":1065,"caption":"Chambre double classique"},{"@type":"BreadcrumbList","@id":"https:\/\/www.maisonboulvern.com\/index.php\/fr\/accommodation\/chambre-double-classique\/#breadcrumb","itemListElement":[{"@type":"ListItem","position":1,"name":"Accueil","item":"https:\/\/www.maisonboulvern.com\/index.php\/fr\/"},{"@type":"ListItem","position":2,"name":"Types de logement","item":"https:\/\/www.maisonboulvern.com\/index.php\/fr\/accommodation\/"},{"@type":"ListItem","position":3,"name":"N\u00ba1, le nid douillet"}]},{"@type":"WebSite","@id":"https:\/\/www.maisonboulvern.com\/#website","url":"https:\/\/www.maisonboulvern.com\/","name":"Maison Boulvern","description":"Chambres d&#039;h\u00f4tes de charme au c\u0153ur du Finist\u00e8re","publisher":{"@id":"https:\/\/www.maisonboulvern.com\/#organization"},"potentialAction":[{"@type":"SearchAction","target":{"@type":"EntryPoint","urlTemplate":"https:\/\/www.maisonboulvern.com\/?s={search_term_string}"},"query-input":{"@type":"PropertyValueSpecification","valueRequired":true,"valueName":"search_term_string"}}],"inLanguage":"fr-FR"},{"@type":"Organization","@id":"https:\/\/www.maisonboulvern.com\/#organization","name":"Maison Boulvern","url":"https:\/\/www.maisonboulvern.com\/","logo":{"@type":"ImageObject","inLanguage":"fr-FR","@id":"https:\/\/www.maisonboulvern.com\/#\/schema\/logo\/image\/","url":"https:\/\/www.maisonboulvern.com\/wp-content\/uploads\/2020\/06\/Icone_512x512.jpg","contentUrl":"https:\/\/www.maisonboulvern.com\/wp-content\/uploads\/2020\/06\/Icone_512x512.jpg","width":2135,"height":2135,"caption":"Maison Boulvern"},"image":{"@id":"https:\/\/www.maisonboulvern.com\/#\/schema\/logo\/image\/"}}]}},"_links":{"self":[{"href":"https:\/\/www.maisonboulvern.com\/index.php\/wp-json\/wp\/v2\/mphb_room_type\/94","targetHints":{"allow":["GET"]}}],"collection":[{"href":"https:\/\/www.maisonboulvern.com\/index.php\/wp-json\/wp\/v2\/mphb_room_type"}],"about":[{"href":"https:\/\/www.maisonboulvern.com\/index.php\/wp-json\/wp\/v2\/types\/mphb_room_type"}],"replies":[{"embeddable":true,"href":"https:\/\/www.maisonboulvern.com\/index.php\/wp-json\/wp\/v2\/comments?post=94"}],"wp:featuredmedia":[{"embeddable":true,"href":"https:\/\/www.maisonboulvern.com\/index.php\/wp-json\/wp\/v2\/media\/449"}],"wp:attachment":[{"href":"https:\/\/www.maisonboulvern.com\/index.php\/wp-json\/wp\/v2\/media?parent=94"}],"wp:term":[{"taxonomy":"mphb_room_type_category","embeddable":true,"href":"https:\/\/www.maisonboulvern.com\/index.php\/wp-json\/wp\/v2\/mphb_room_type_category?post=94"},{"taxonomy":"mphb_room_type_tag","embeddable":true,"href":"https:\/\/www.maisonboulvern.com\/index.php\/wp-json\/wp\/v2\/mphb_room_type_tag?post=94"},{"taxonomy":"mphb_room_type_facility","embeddable":true,"href":"https:\/\/www.maisonboulvern.com\/index.php\/wp-json\/wp\/v2\/mphb_room_type_facility?post=94"}],"curies":[{"name":"wp","href":"https:\/\/api.w.org\/{rel}","templated":true}]}}